{"id":9309,"date":"2018-10-11T16:03:00","date_gmt":"2018-10-11T14:03:00","guid":{"rendered":"https:\/\/full.polito.it\/agenda\/architettura-e-ingegneria-in-riferimento-ai-diritti-e-alle-liberta-fondamentali-vladimiro-zagrebelsky\/"},"modified":"2018-10-11T16:03:00","modified_gmt":"2018-10-11T14:03:00","slug":"architettura-e-ingegneria-in-riferimento-ai-diritti-e-alle-liberta-fondamentali-vladimiro-zagrebelsky","status":"publish","type":"agenda","link":"https:\/\/full.polito.it\/en\/events\/architettura-e-ingegneria-in-riferimento-ai-diritti-e-alle-liberta-fondamentali-vladimiro-zagrebelsky\/","title":{"rendered":"Architettura e Ingegneria in riferimento ai diritti e alle libert\u00e0 fondamentali  | Vladimiro Zagrebelsky"},"content":{"rendered":"<p>|IT|<\/p>\n<p>Il centro interdipartimentale\u00a0<strong>F<em>UL<\/em>L \u2013 the Future\u00a0<em>Urban Legacy<\/em>\u00a0Lab<\/strong>, \u00e8 lieto di annunciare il quinto appuntamento del\u00a0<a href=\"http:\/\/urbanlegacylab.net\/urban-legacies\/\">Ciclo di seminari: Le legacy urbane tra patrimonio, diritti e innovazione<\/a>, a cura del\u00a0<strong>Prof. Carlo Olmo<\/strong>, con\u00a0la lecture del giurista <strong>Vladimiro Zagrebelsky<\/strong> dal titolo\u00a0<em>Architettura e Ingegneria in riferimento ai diritti e alle libert\u00e0 fondamentali<\/em>. Discussant Juan Carlos De Martin. La lecture si terr\u00e0 nella\u00a0<span class=\"\" style=\"font-family: Arial; font-size: small;\"><span class=\"\">\u00a0<\/span><\/span><strong>Sala Conferenze\u00a0&#8220;Luigi\u00a0Ciminiera&#8221; del Dipartimento di Automatica e Informatica del Politecnico, Corso Castelfidardo 34\/D, Torino.<\/strong><\/p>\n<p><strong>Vladimiro Zagrebelsky<\/strong>\u00a0\u00e8 magistrato dal 1965, ha ricoperto vari incarichi giudiziari a Torino ed \u00e8 stato componente del Consiglio Superiore della Magistratura. Dal 1998 all&#8217;aprile 2001 \u00e8 stato a capo dell&#8217;Ufficio Legislativo del Ministero della Giustizia. Presidente o componente di diverse Commissioni ministeriali, \u00e8 stato giudice della Corte europea dei diritti dell&#8217;uomo. Dal 2010 docente a contratto di Sistema europeo di protezione dei diritti fondamentali della persona (Universit\u00e0 della Valle d&#8217;Aosta). Dirige il\u00a0<a href=\"http:\/\/labdf.eu\/\">Laboratorio dei Diritti Fondamentali<\/a><a href=\"https:\/\/labdf.eu\/\">\u00a0<\/a>&#8211; LDF di Torino.<\/p>\n<p><strong>Architettura e Ingegneria in riferimento ai diritti e alle libert\u00e0 fondamentali<\/strong><\/p>\n<p>Ren\u00e9 Cassin, premio Nobel della pace e tra i principali autori della Dichiarazione universale dei diritti dell\u2019uomo, ha segnalato la \u201cparte immensa della scienza nella concezione, il contenuto, lo sviluppo e la pratica dei diritti dell\u2019uomo\u201d. Le invenzioni pratiche. lo sviluppo della medicina scientifica, la liberazione della ricerca razionale, la libert\u00e0 della ricerca\u00a0 hanno potentemente concorso ad alleviare i pesi che gravano sull\u2019uomo e sulle societ\u00e0. \u00c8 questo un riconoscimento che va ricordato indirizzandomi a ingegneri, architetti e urbanisti, che ricercano, inventano, realizzano innovazioni pratiche frutto di nuove scoperte.<\/p>\n<p>Tuttavia J. Robert Oppenheimer \u2013 scienziato che ha dovuto riflettere sulle conseguenze di quanto aveva contribuito a realizzare \u2013 ha osservato che \u201cquando vedi qualcosa che \u00e8 tecnicamente valido, vai avanti e lo fai e discuti su cosa farne solo dopo che hai avuto il tuo successo tecnico. Questo \u00e8 quanto \u00e8 capitato con la bomba atomica\u201d.<\/p>\n<p>La consapevolezza degli effetti potenti e positivi della ricerca scientifica e della messa in opera delle innovazioni che ne derivano rischia di lasciar campo libero a risultati disastrosi quando il solo successo tecnico \u00e8 considerato il valore da perseguire, senza pensare a (tutte) le conseguenze possibili.<\/p>\n<p>Il pensare alle conseguenze implica un atteggiamento culturale aperto a valori umani e sociali solitamente ritenuti campo di azione e studio di discipline e pratiche altre rispetto a quelle proprie dell\u2019ingegnere e dell\u2019architetto. Ma si tratta di un errore.<\/p>\n<p>I diritti umani e le libert\u00e0 fondamentali hanno carattere pervasivo. Essi \u2013 l\u2019uno o altro &#8211; si presentano esigenti in ogni occasione dell\u2019attivit\u00e0 umana. Conoscerne la natura, il contenuto e il modo di operare \u00e8 indispensabile per rispettarli senza attendere che di essi si debba discutere quando \u00e8 gi\u00e0 sorta la controversia politica, sociale o giudiziaria.<\/p>\n<p>L\u2019universalit\u00e0 del metodo e dei risultati della ricerca scientifica, corrisponde alla universalit\u00e0 cui tendono i diritti umani fondamentali. Sull\u2019uno e sull\u2019altro terreno i confini nazionali non hanno effetto. \u00c8 questa una ragione di intesa tra lo scienziato e il giurista dei diritti umani.<\/p>\n<p>|EN|<\/p>\n<p><em><strong>FULL &#8211; the Future Urban Legacy Lab<\/strong> is pleased to announce the next session of the <strong>Seminar Cycle: The Urban Legacies Between Heritage, Rights and Innovation<\/strong>, curated by <strong>Prof. Carlo Olmo<\/strong>, with the lecture of lawyer\u00a0<strong>Vladimiro Zagrebelsky<\/strong>\u00a0titled <strong>&#8220;Architecture and Engineering on Fundamental Rights and Freedom&#8221;<\/strong>, and with Juan Carlos De Martin as discussant.\u00a0 Next <strong>October 19<\/strong>, 2018 at <strong>17:30 <\/strong>at\u00a0<strong>Sala Conferenze\u00a0&#8220;Luigi\u00a0Ciminiera&#8221;, DAUIN, Corso Castelfidardo 34\/D, Torino.<\/strong><\/em><\/p>\n<p><em><strong>Vladimiro Zagrebelsky <\/strong>is an Italian magistrate since 1965, has held various judicial appointments in Turin and was a member of the Superior Council of Magistracy of Italy. From 1998 to 2001 he was head of the Legislative Office of the Ministry of Justice of Italy. He has been president and member of various ministerial commissions, and judge of the European Court of Human Rights. Since 2010, he has been a professor of the European System for the Protection of Fundamental Human Rights (Universit\u00e0 della Valle d&#8217;Aosta). He directs the\u00a0<a href=\"http:\/\/labdf.eu\/\">Laboratorio dei Diritti Fondamentali<\/a> &#8211; LDF of Turin.<\/em><\/p>\n<p><em><strong>Architecture and Engineering on Fundamental Rights and Freedom<\/strong><\/em><\/p>\n<p><em>Ren\u00e9 Cassin, Nobel Peace Prize winner and one of the main authors of the Universal Declaration of Human Rights, has pointed the &#8220;immense part of science in the conception, content, development and practice of human rights&#8221;. Practical inventions. The development of scientific medicine, the liberation of rational research, and\u00a0research freedom have powerfully contributed to soften the burdens on man and society. This is a recognition that should be remembered by referring to engineers, architects, and urban planners, who research, invent, and carry practical innovations that are the core of discoveries.<\/em><\/p>\n<p><em>However, J. Robert Oppenheimer &#8211; a scientist who had to reflect on the consequences of what he had helped to accomplish &#8211; noted that &#8220;when you see something that is technically valid, go ahead and do it and discuss what to do with it after you have had your technical success. This is what happened with the atomic bomb&#8221;.<\/em><\/p>\n<p><em>The awareness of powerful and positive effects of scientific research and the implementation of its innovative results risk leaving the field open to disaster. This happens when the only technical success is pursued without thinking about (every) potential consequence.<\/em><\/p>\n<p><em>Thinking about consequences implies a cultural attitude open to human and social values. This is usually considered a field of action and study of disciplines other than engineering and architecture. Yet, this is a mistake.<\/em><\/p>\n<p><em>Human rights and fundamental freedom are pervasive. They &#8211; either &#8211; appear demanding on every occasion of human activity. Knowing the nature, the content, and the way of working is essential. This generates respect without waiting for them to be discussed when the political, social or judicial controversy has already arisen.<\/em><\/p>\n<p><em>The universality of methods and results of scientific research corresponds to the universality to which fundamental human rights tend. On both sides, national borders have no effect. This is a reason for understanding between the scientist and the jurist of human rights.<\/em><\/p>\n<p><strong>Seconda parte<\/strong><br \/>\n<strong>Ottobre-Dicembre<\/strong><\/p>\n<p><em><strong>Second part<\/strong><\/em><br \/>\n<em><strong>October-December<\/strong><\/em><\/p>\n<p><em><strong><u>Yung Ho Chang<\/u><\/strong><\/em><br \/>\n<em><strong>Date:<\/strong><\/em>\u00a026 October<br \/>\n<em><strong>Time:<\/strong><\/em>\u00a017:30<br \/>\n<em><strong>Discussant:<\/strong><\/em>\u00a0Michele Bonino<\/p>\n<p><em><strong>Next to be defined: Stefano Musso, and Lorenzo Bellicini<\/strong><\/em><\/p>\n","protected":false},"excerpt":{"rendered":"<p>|IT| Il centro interdipartimentale\u00a0FULL \u2013 the Future\u00a0Urban Legacy\u00a0Lab, \u00e8 lieto di annunciare il quinto appuntamento del\u00a0Ciclo di seminari: Le legacy urbane tra patrimonio, diritti e innovazione, a cura del\u00a0Prof. Carlo Olmo, con\u00a0la lecture del giurista Vladimiro Zagrebelsky dal titolo\u00a0Architettura e Ingegneria in riferimento ai diritti e alle libert\u00e0 fondamentali. Discussant Juan Carlos De Martin. La [&hellip;]<\/p>\n","protected":false},"featured_media":0,"parent":0,"template":"","meta":{"_acf_changed":false},"primo-piano":[],"research-tag":[],"research-tematictag":[],"agenda-type":[359],"class_list":["post-9309","agenda","type-agenda","status-publish","hentry","agenda-type-seminar"],"acf":[],"yoast_head":"<!-- This site is optimized with the Yoast SEO plugin v26.9 - https:\/\/yoast.com\/product\/yoast-seo-wordpress\/ -->\n<title>Architettura e Ingegneria in riferimento ai diritti e alle libert\u00e0 fondamentali | Vladimiro Zagrebelsky - FULL | the Future Urban Legacy Lab<\/title>\n<meta name=\"robots\" content=\"index, follow, max-snippet:-1, max-image-preview:large, max-video-preview:-1\" \/>\n<link rel=\"canonical\" href=\"https:\/\/full.polito.it\/en\/events\/architettura-e-ingegneria-in-riferimento-ai-diritti-e-alle-liberta-fondamentali-vladimiro-zagrebelsky\/\" \/>\n<meta property=\"og:locale\" content=\"en_US\" \/>\n<meta property=\"og:type\" content=\"article\" \/>\n<meta property=\"og:title\" content=\"Architettura e Ingegneria in riferimento ai diritti e alle libert\u00e0 fondamentali | Vladimiro Zagrebelsky - FULL | the Future Urban Legacy Lab\" \/>\n<meta property=\"og:description\" content=\"|IT| Il centro interdipartimentale\u00a0FULL \u2013 the Future\u00a0Urban Legacy\u00a0Lab, \u00e8 lieto di annunciare il quinto appuntamento del\u00a0Ciclo di seminari: Le legacy urbane tra patrimonio, diritti e innovazione, a cura del\u00a0Prof. Carlo Olmo, con\u00a0la lecture del giurista Vladimiro Zagrebelsky dal titolo\u00a0Architettura e Ingegneria in riferimento ai diritti e alle libert\u00e0 fondamentali. Discussant Juan Carlos De Martin. La [&hellip;]\" \/>\n<meta property=\"og:url\" content=\"https:\/\/full.polito.it\/en\/events\/architettura-e-ingegneria-in-riferimento-ai-diritti-e-alle-liberta-fondamentali-vladimiro-zagrebelsky\/\" \/>\n<meta property=\"og:site_name\" content=\"FULL | the Future Urban Legacy Lab\" \/>\n<meta name=\"twitter:card\" content=\"summary_large_image\" \/>\n<meta name=\"twitter:label1\" content=\"Est. reading time\" \/>\n\t<meta name=\"twitter:data1\" content=\"5 minutes\" \/>\n<script type=\"application\/ld+json\" class=\"yoast-schema-graph\">{\"@context\":\"https:\/\/schema.org\",\"@graph\":[{\"@type\":\"WebPage\",\"@id\":\"https:\/\/full.polito.it\/en\/events\/architettura-e-ingegneria-in-riferimento-ai-diritti-e-alle-liberta-fondamentali-vladimiro-zagrebelsky\/\",\"url\":\"https:\/\/full.polito.it\/en\/events\/architettura-e-ingegneria-in-riferimento-ai-diritti-e-alle-liberta-fondamentali-vladimiro-zagrebelsky\/\",\"name\":\"Architettura e Ingegneria in riferimento ai diritti e alle libert\u00e0 fondamentali | Vladimiro Zagrebelsky - FULL | the Future Urban Legacy Lab\",\"isPartOf\":{\"@id\":\"https:\/\/full.polito.it\/en\/#website\"},\"datePublished\":\"2018-10-11T14:03:00+00:00\",\"breadcrumb\":{\"@id\":\"https:\/\/full.polito.it\/en\/events\/architettura-e-ingegneria-in-riferimento-ai-diritti-e-alle-liberta-fondamentali-vladimiro-zagrebelsky\/#breadcrumb\"},\"inLanguage\":\"en-US\",\"potentialAction\":[{\"@type\":\"ReadAction\",\"target\":[\"https:\/\/full.polito.it\/en\/events\/architettura-e-ingegneria-in-riferimento-ai-diritti-e-alle-liberta-fondamentali-vladimiro-zagrebelsky\/\"]}]},{\"@type\":\"BreadcrumbList\",\"@id\":\"https:\/\/full.polito.it\/en\/events\/architettura-e-ingegneria-in-riferimento-ai-diritti-e-alle-liberta-fondamentali-vladimiro-zagrebelsky\/#breadcrumb\",\"itemListElement\":[{\"@type\":\"ListItem\",\"position\":1,\"name\":\"Home\",\"item\":\"https:\/\/full.polito.it\/en\/\"},{\"@type\":\"ListItem\",\"position\":2,\"name\":\"Events\",\"item\":\"https:\/\/full.polito.it\/en\/events\/\"},{\"@type\":\"ListItem\",\"position\":3,\"name\":\"Architettura e Ingegneria in riferimento ai diritti e alle libert\u00e0 fondamentali | Vladimiro Zagrebelsky\"}]},{\"@type\":\"WebSite\",\"@id\":\"https:\/\/full.polito.it\/en\/#website\",\"url\":\"https:\/\/full.polito.it\/en\/\",\"name\":\"FULL | the Future Urban Legacy Lab\",\"description\":\"the Future Urban Legacy Lab\",\"publisher\":{\"@id\":\"https:\/\/full.polito.it\/en\/#organization\"},\"potentialAction\":[{\"@type\":\"SearchAction\",\"target\":{\"@type\":\"EntryPoint\",\"urlTemplate\":\"https:\/\/full.polito.it\/en\/?s={search_term_string}\"},\"query-input\":{\"@type\":\"PropertyValueSpecification\",\"valueRequired\":true,\"valueName\":\"search_term_string\"}}],\"inLanguage\":\"en-US\"},{\"@type\":\"Organization\",\"@id\":\"https:\/\/full.polito.it\/en\/#organization\",\"name\":\"FULL | the Future Urban Legacy Lab\",\"url\":\"https:\/\/full.polito.it\/en\/\",\"logo\":{\"@type\":\"ImageObject\",\"inLanguage\":\"en-US\",\"@id\":\"https:\/\/full.polito.it\/en\/#\/schema\/logo\/image\/\",\"url\":\"https:\/\/full.polito.it\/wp-content\/uploads\/2025\/07\/fullo-logo-nero.webp\",\"contentUrl\":\"https:\/\/full.polito.it\/wp-content\/uploads\/2025\/07\/fullo-logo-nero.webp\",\"width\":600,\"height\":225,\"caption\":\"FULL | the Future Urban Legacy Lab\"},\"image\":{\"@id\":\"https:\/\/full.polito.it\/en\/#\/schema\/logo\/image\/\"}}]}<\/script>\n<!-- \/ Yoast SEO plugin. -->","yoast_head_json":{"title":"Architettura e Ingegneria in riferimento ai diritti e alle libert\u00e0 fondamentali | Vladimiro Zagrebelsky - FULL | the Future Urban Legacy Lab","robots":{"index":"index","follow":"follow","max-snippet":"max-snippet:-1","max-image-preview":"max-image-preview:large","max-video-preview":"max-video-preview:-1"},"canonical":"https:\/\/full.polito.it\/en\/events\/architettura-e-ingegneria-in-riferimento-ai-diritti-e-alle-liberta-fondamentali-vladimiro-zagrebelsky\/","og_locale":"en_US","og_type":"article","og_title":"Architettura e Ingegneria in riferimento ai diritti e alle libert\u00e0 fondamentali | Vladimiro Zagrebelsky - FULL | the Future Urban Legacy Lab","og_description":"|IT| Il centro interdipartimentale\u00a0FULL \u2013 the Future\u00a0Urban Legacy\u00a0Lab, \u00e8 lieto di annunciare il quinto appuntamento del\u00a0Ciclo di seminari: Le legacy urbane tra patrimonio, diritti e innovazione, a cura del\u00a0Prof. Carlo Olmo, con\u00a0la lecture del giurista Vladimiro Zagrebelsky dal titolo\u00a0Architettura e Ingegneria in riferimento ai diritti e alle libert\u00e0 fondamentali. Discussant Juan Carlos De Martin. La [&hellip;]","og_url":"https:\/\/full.polito.it\/en\/events\/architettura-e-ingegneria-in-riferimento-ai-diritti-e-alle-liberta-fondamentali-vladimiro-zagrebelsky\/","og_site_name":"FULL | the Future Urban Legacy Lab","twitter_card":"summary_large_image","twitter_misc":{"Est. reading time":"5 minutes"},"schema":{"@context":"https:\/\/schema.org","@graph":[{"@type":"WebPage","@id":"https:\/\/full.polito.it\/en\/events\/architettura-e-ingegneria-in-riferimento-ai-diritti-e-alle-liberta-fondamentali-vladimiro-zagrebelsky\/","url":"https:\/\/full.polito.it\/en\/events\/architettura-e-ingegneria-in-riferimento-ai-diritti-e-alle-liberta-fondamentali-vladimiro-zagrebelsky\/","name":"Architettura e Ingegneria in riferimento ai diritti e alle libert\u00e0 fondamentali | Vladimiro Zagrebelsky - FULL | the Future Urban Legacy Lab","isPartOf":{"@id":"https:\/\/full.polito.it\/en\/#website"},"datePublished":"2018-10-11T14:03:00+00:00","breadcrumb":{"@id":"https:\/\/full.polito.it\/en\/events\/architettura-e-ingegneria-in-riferimento-ai-diritti-e-alle-liberta-fondamentali-vladimiro-zagrebelsky\/#breadcrumb"},"inLanguage":"en-US","potentialAction":[{"@type":"ReadAction","target":["https:\/\/full.polito.it\/en\/events\/architettura-e-ingegneria-in-riferimento-ai-diritti-e-alle-liberta-fondamentali-vladimiro-zagrebelsky\/"]}]},{"@type":"BreadcrumbList","@id":"https:\/\/full.polito.it\/en\/events\/architettura-e-ingegneria-in-riferimento-ai-diritti-e-alle-liberta-fondamentali-vladimiro-zagrebelsky\/#breadcrumb","itemListElement":[{"@type":"ListItem","position":1,"name":"Home","item":"https:\/\/full.polito.it\/en\/"},{"@type":"ListItem","position":2,"name":"Events","item":"https:\/\/full.polito.it\/en\/events\/"},{"@type":"ListItem","position":3,"name":"Architettura e Ingegneria in riferimento ai diritti e alle libert\u00e0 fondamentali | Vladimiro Zagrebelsky"}]},{"@type":"WebSite","@id":"https:\/\/full.polito.it\/en\/#website","url":"https:\/\/full.polito.it\/en\/","name":"FULL | the Future Urban Legacy Lab","description":"the Future Urban Legacy Lab","publisher":{"@id":"https:\/\/full.polito.it\/en\/#organization"},"potentialAction":[{"@type":"SearchAction","target":{"@type":"EntryPoint","urlTemplate":"https:\/\/full.polito.it\/en\/?s={search_term_string}"},"query-input":{"@type":"PropertyValueSpecification","valueRequired":true,"valueName":"search_term_string"}}],"inLanguage":"en-US"},{"@type":"Organization","@id":"https:\/\/full.polito.it\/en\/#organization","name":"FULL | the Future Urban Legacy Lab","url":"https:\/\/full.polito.it\/en\/","logo":{"@type":"ImageObject","inLanguage":"en-US","@id":"https:\/\/full.polito.it\/en\/#\/schema\/logo\/image\/","url":"https:\/\/full.polito.it\/wp-content\/uploads\/2025\/07\/fullo-logo-nero.webp","contentUrl":"https:\/\/full.polito.it\/wp-content\/uploads\/2025\/07\/fullo-logo-nero.webp","width":600,"height":225,"caption":"FULL | the Future Urban Legacy Lab"},"image":{"@id":"https:\/\/full.polito.it\/en\/#\/schema\/logo\/image\/"}}]}},"_links":{"self":[{"href":"https:\/\/full.polito.it\/en\/wp-json\/wp\/v2\/agenda\/9309","targetHints":{"allow":["GET"]}}],"collection":[{"href":"https:\/\/full.polito.it\/en\/wp-json\/wp\/v2\/agenda"}],"about":[{"href":"https:\/\/full.polito.it\/en\/wp-json\/wp\/v2\/types\/agenda"}],"wp:attachment":[{"href":"https:\/\/full.polito.it\/en\/wp-json\/wp\/v2\/media?parent=9309"}],"wp:term":[{"taxonomy":"primo-piano","embeddable":true,"href":"https:\/\/full.polito.it\/en\/wp-json\/wp\/v2\/primo-piano?post=9309"},{"taxonomy":"research-tag","embeddable":true,"href":"https:\/\/full.polito.it\/en\/wp-json\/wp\/v2\/research-tag?post=9309"},{"taxonomy":"research-tematictag","embeddable":true,"href":"https:\/\/full.polito.it\/en\/wp-json\/wp\/v2\/research-tematictag?post=9309"},{"taxonomy":"agenda-type","embeddable":true,"href":"https:\/\/full.polito.it\/en\/wp-json\/wp\/v2\/agenda-type?post=9309"}],"curies":[{"name":"wp","href":"https:\/\/api.w.org\/{rel}","templated":true}]}}