{"id":9307,"date":"2018-09-17T18:02:39","date_gmt":"2018-09-17T16:02:39","guid":{"rendered":"https:\/\/full.polito.it\/agenda\/comment-etre-efficace-entre-modelisation-et-maturation-francois-jullien\/"},"modified":"2018-09-17T18:02:39","modified_gmt":"2018-09-17T16:02:39","slug":"comment-etre-efficace-entre-modelisation-et-maturation-francois-jullien","status":"publish","type":"agenda","link":"https:\/\/full.polito.it\/en\/events\/comment-etre-efficace-entre-modelisation-et-maturation-francois-jullien\/","title":{"rendered":"Comment \u00eatre efficace? Entre mod\u00e9lisation et maturation  | Fran\u00e7ois Jullien"},"content":{"rendered":"<p>Il centro interdipartimentale <strong>F<em>UL<\/em>L &#8211; the Future\u00a0<em>Urban Legacy<\/em>\u00a0Lab<\/strong>.,\u00a0\u00e8 lieto di annunciare la prossima sessione del\u00a0<a href=\"http:\/\/urbanlegacylab.net\/urban-legacies\/\">Ciclo di seminari: Le legacy\u00a0urbane tra patrimonio, diritti e innovazione<\/a>,\u00a0a\u00a0cura del\u00a0<strong>Prof.\u00a0Carlo Olmo<\/strong>, con la Lecture di<strong> Fran\u00e7ois Jullien\u00a0<\/strong>dal titolo\u00a0<strong><em>Comment \u00eatre efficace? Entre mod\u00e9lisation et maturation (entre pens\u00e9e europ\u00e9enne et pens\u00e9e chinoise)<\/em><\/strong>. La Lecture sar\u00e0 ospitata nel\u00a0<strong>Salone d&#8217;Onore<\/strong>\u00a0del\u00a0<strong>Castello del Valentino<\/strong>,\u00a0il\u00a0<strong>28 settembre 2018 alle ore 17:30<\/strong>.<\/p>\n<p><strong>Fran\u00e7ois Jullien,<\/strong> philosophe, hell\u00e9niste et sinologue, a d\u00e9ploy\u00e9 son travail \u00e0 partir des pens\u00e9es de la Chine et de l\u2019Europe. Il en a tir\u00e9, plut\u00f4t qu\u2019une comparaison, une nouvelle probl\u00e9matisation qui, d\u00e9construisant du dehors les partis-pris de l\u2019ontologie europ\u00e9enne, permette de reconsid\u00e9rer, d\u2019un autre biais, les champs de la strat\u00e9gie, de l\u2019\u00e9thique ou de l\u2019esth\u00e9tique<br \/>\nCette r\u00e9flexion interculturelle l\u2019a conduit \u00e0 reposer la question de l\u2019universel en l\u2019affranchissant tant de l\u2019universalisme facile (ethnocentrique) que du relativisme paresseux (culturaliste)\u00a0; ainsi que d\u2019un dia-logue des cultures envisag\u00e9es, non plus du point de vue de leur fantasmatique identit\u00e9, mais des ressources que leurs \u00e9carts font appara\u00eetre pour la promotion du commun.<br \/>\nIl en a d\u00e9gag\u00e9, du m\u00eame coup, une philosophie qui, se d\u00e9pla\u00e7ant de la pens\u00e9e de l\u2019\u00catre \u00e0 la pens\u00e9e de l\u2019Autre, tente de d\u00e9jouer, dans son \u00e9criture conceptuelle, la prise identitaire du concept occultant la vie\u00a0; et, par l\u00e0, de d\u00e9velopper une philosophie de l\u2019existence en tant que promotion de ressources.<\/p>\n<p>|EN|<\/p>\n<p><em><strong>FULL \u2013 The Future Urban Legacy Lab<\/strong> is pleased to announce the next session of the <strong>Seminar Cycle: Urban Legacies Between Heritage, Rights, and Innovation<\/strong>, curated by <strong>Prof. Carlo Olmo<\/strong>, with a lecture by <strong>Fran\u00e7ois Jullien<\/strong> titled<strong>\u00a0Comment \u00eatre efficace? Entre mod\u00e9lisation et maturation (entre pens\u00e9e europ\u00e9enne et pens\u00e9e chinoise)<\/strong>. It\u00a0will take place at the <strong>Salone d&#8217;Onore<\/strong>\u00a0of the<b>\u00a0Castello del Valentino<\/b>, next <strong>28th September<\/strong> at <strong>17:30<\/strong>. <\/em><\/p>\n<p><em><strong>Fran\u00e7ois Jullien <\/strong>is a p<\/em><em>hilosopher, Hellenist\u00a0and sinologist who has deployed his work from the Chinese and European culture. He has developed a new problematisation\u00a0<\/em><em>rather than a comparison,<\/em><em>\u00a0that deconstructs the biases of the European ontology, making it possible to rethink the fields of strategy, ethics, and aesthetics.\u00a0<\/em><em>This intercultural reflection has let him <\/em><em>understand the question of the universal without the strings of facile universalism (ethnocentric) and vague relativism (culturalist). He has developed his thinking on a dialogue of the aforementioned cultures based on their differences as promoters of the common instead\u00a0of on their\u00a0<\/em><em>phantasmal identity<\/em><em>\u00a0point of view.\u00a0<\/em><em>Moreover, he has released a philosophy that moves from that of &#8220;Being&#8221; to that of the &#8220;<\/em><em>Other&#8221;. He attempts to foil in his conceptual writing the identity of the concept &#8220;occult life&#8221;, and thereby to develop a philosophy of existence as a resource promoter.\u00a0<\/em><\/p>\n<p><em>He has got more than 60 publications between books and papers, such as\u00a0<strong>D\u00e9-co\u00efncidence, D\u2019o\u00f9 viennent l\u2019art et l\u2019existence\u00a0<\/strong>(2017); and some of his works have been translated into more than 10 languages around the world.\u00a0<\/em><\/p>\n<p><strong>Calendario del ciclo di seminari<\/strong><br \/>\n<strong>Prima parte\u00a0<\/strong><br \/>\n<strong>Giugno \u2013 Ottobre 2018<\/strong><\/p>\n<p><em><strong>Calendar<\/strong><\/em><br \/>\n<em><strong>First part<\/strong><\/em><br \/>\n<em><strong>June-October 2018<\/strong><\/em><\/p>\n<p><em><strong><u>Carlo Olmo<\/u><\/strong><\/em><br \/>\n<u>Salone d\u2019Onore<\/u><br \/>\n<em><strong>Titolo:<\/strong><\/em>\u00a0Le legacy urbane tra patrimonio, diritti e innovazione<br \/>\n<em><strong>Data:<\/strong><\/em>\u00a011 giugno<br \/>\n<em><strong>Discussant:<\/strong><\/em>\u00a0Matteo Robiglio<\/p>\n<p><em><strong><u>Andrea Bonaccorsi<\/u><\/strong><\/em><br \/>\n<u>Sala Caccia<\/u><br \/>\n<em><strong>Titolo:\u00a0<\/strong><\/em>Verso una visione conflittuale dell&#8217;innovazione<br \/>\n<em><strong>Data:<\/strong><\/em> 21 giugno<br \/>\n<em><strong>Discussant:\u00a0<\/strong><\/em>Giuseppe Scellato<\/p>\n<p><em><strong><u>Francesco Remotti<\/u><\/strong><\/em><br \/>\n<u>Salone d\u2019Onore\u00a0<\/u><br \/>\n<em><strong>Titolo:<\/strong><\/em>\u00a0Noi e la cultura: come pesci nell&#8217;acqua<br \/>\n<em><strong>Data:<\/strong><\/em> 6 \u00a0luglio<br \/>\n<em><strong>Discussant:<\/strong><\/em>\u00a0Francesca Governa<\/p>\n<p><em><strong><u>Nathalie Heinich<\/u><\/strong><\/em><br \/>\n<u>Salone degli Svizzeri, Palazzo Chiablese<\/u><br \/>\n<em><strong>Titolo:<\/strong><\/em>\u00a0L&#8217;extension du domaine du patrimoine<br \/>\n<em><strong>Data:<\/strong><\/em> 14 settembre<br \/>\n<em><strong>Discussant:<\/strong><\/em>\u00a0Edoardo Piccoli<\/p>\n<p><em><strong><u>Fran\u00e7ois Jullien<\/u><\/strong><\/em><br \/>\n<u>Salone d\u2019Onore<\/u><br \/>\n<em><strong>Data:<\/strong> <\/em>\u00a028 settembre<\/p>\n<p><em><strong><u>Vladimiro Zagrebelsky<\/u><\/strong><\/em><br \/>\n<u>Sala Caccia<\/u><br \/>\n<em><strong>Titolo:<\/strong><\/em>\u00a0Architettura e Ingegneria in riferimento ai diritti e alle libert\u00e0 fondamentali<br \/>\n<em><strong>Data:<\/strong><\/em> \u00a012 ottobre<br \/>\n<em><strong>Discussant:\u00a0<\/strong><\/em>Juan Carlos De Martin<\/p>\n<p><strong>Seconda parte<\/strong><br \/>\n<strong>Ottobre-Dicembre<\/strong><br \/>\n<strong>Yung Ho Chang,\u00a0Stefano Musso,\u00a0Lorenzo Bellicini<\/strong><\/p>\n<p><em><strong>Second part<\/strong><\/em><br \/>\n<em><strong>October-December<\/strong><\/em><br \/>\n<em><strong>Yung Ho Chang, Stefano Musso, Lorenzo Bellicini<\/strong><\/em><\/p>\n","protected":false},"excerpt":{"rendered":"<p>Il centro interdipartimentale FULL &#8211; the Future\u00a0Urban Legacy\u00a0Lab.,\u00a0\u00e8 lieto di annunciare la prossima sessione del\u00a0Ciclo di seminari: Le legacy\u00a0urbane tra patrimonio, diritti e innovazione,\u00a0a\u00a0cura del\u00a0Prof.\u00a0Carlo Olmo, con la Lecture di Fran\u00e7ois Jullien\u00a0dal titolo\u00a0Comment \u00eatre efficace? Entre mod\u00e9lisation et maturation (entre pens\u00e9e europ\u00e9enne et pens\u00e9e chinoise). La Lecture sar\u00e0 ospitata nel\u00a0Salone d&#8217;Onore\u00a0del\u00a0Castello del Valentino,\u00a0il\u00a028 settembre 2018 [&hellip;]<\/p>\n","protected":false},"featured_media":0,"parent":0,"template":"","meta":{"_acf_changed":false},"primo-piano":[],"research-tag":[],"research-tematictag":[],"agenda-type":[359],"class_list":["post-9307","agenda","type-agenda","status-publish","hentry","agenda-type-seminar"],"acf":[],"yoast_head":"<!-- This site is optimized with the Yoast SEO plugin v26.9 - https:\/\/yoast.com\/product\/yoast-seo-wordpress\/ -->\n<title>Comment \u00eatre efficace? Entre mod\u00e9lisation et maturation | Fran\u00e7ois Jullien - FULL | the Future Urban Legacy Lab<\/title>\n<meta name=\"robots\" content=\"index, follow, max-snippet:-1, max-image-preview:large, max-video-preview:-1\" \/>\n<link rel=\"canonical\" href=\"https:\/\/full.polito.it\/en\/events\/comment-etre-efficace-entre-modelisation-et-maturation-francois-jullien\/\" \/>\n<meta property=\"og:locale\" content=\"en_US\" \/>\n<meta property=\"og:type\" content=\"article\" \/>\n<meta property=\"og:title\" content=\"Comment \u00eatre efficace? Entre mod\u00e9lisation et maturation | Fran\u00e7ois Jullien - FULL | the Future Urban Legacy Lab\" \/>\n<meta property=\"og:description\" content=\"Il centro interdipartimentale FULL &#8211; the Future\u00a0Urban Legacy\u00a0Lab.,\u00a0\u00e8 lieto di annunciare la prossima sessione del\u00a0Ciclo di seminari: Le legacy\u00a0urbane tra patrimonio, diritti e innovazione,\u00a0a\u00a0cura del\u00a0Prof.\u00a0Carlo Olmo, con la Lecture di Fran\u00e7ois Jullien\u00a0dal titolo\u00a0Comment \u00eatre efficace? Entre mod\u00e9lisation et maturation (entre pens\u00e9e europ\u00e9enne et pens\u00e9e chinoise). La Lecture sar\u00e0 ospitata nel\u00a0Salone d&#8217;Onore\u00a0del\u00a0Castello del Valentino,\u00a0il\u00a028 settembre 2018 [&hellip;]\" \/>\n<meta property=\"og:url\" content=\"https:\/\/full.polito.it\/en\/events\/comment-etre-efficace-entre-modelisation-et-maturation-francois-jullien\/\" \/>\n<meta property=\"og:site_name\" content=\"FULL | the Future Urban Legacy Lab\" \/>\n<meta name=\"twitter:card\" content=\"summary_large_image\" \/>\n<meta name=\"twitter:label1\" content=\"Est. reading time\" \/>\n\t<meta name=\"twitter:data1\" content=\"3 minutes\" \/>\n<script type=\"application\/ld+json\" class=\"yoast-schema-graph\">{\"@context\":\"https:\/\/schema.org\",\"@graph\":[{\"@type\":\"WebPage\",\"@id\":\"https:\/\/full.polito.it\/en\/events\/comment-etre-efficace-entre-modelisation-et-maturation-francois-jullien\/\",\"url\":\"https:\/\/full.polito.it\/en\/events\/comment-etre-efficace-entre-modelisation-et-maturation-francois-jullien\/\",\"name\":\"Comment \u00eatre efficace? Entre mod\u00e9lisation et maturation | Fran\u00e7ois Jullien - FULL | the Future Urban Legacy Lab\",\"isPartOf\":{\"@id\":\"https:\/\/full.polito.it\/en\/#website\"},\"datePublished\":\"2018-09-17T16:02:39+00:00\",\"breadcrumb\":{\"@id\":\"https:\/\/full.polito.it\/en\/events\/comment-etre-efficace-entre-modelisation-et-maturation-francois-jullien\/#breadcrumb\"},\"inLanguage\":\"en-US\",\"potentialAction\":[{\"@type\":\"ReadAction\",\"target\":[\"https:\/\/full.polito.it\/en\/events\/comment-etre-efficace-entre-modelisation-et-maturation-francois-jullien\/\"]}]},{\"@type\":\"BreadcrumbList\",\"@id\":\"https:\/\/full.polito.it\/en\/events\/comment-etre-efficace-entre-modelisation-et-maturation-francois-jullien\/#breadcrumb\",\"itemListElement\":[{\"@type\":\"ListItem\",\"position\":1,\"name\":\"Home\",\"item\":\"https:\/\/full.polito.it\/en\/\"},{\"@type\":\"ListItem\",\"position\":2,\"name\":\"Events\",\"item\":\"https:\/\/full.polito.it\/en\/events\/\"},{\"@type\":\"ListItem\",\"position\":3,\"name\":\"Comment \u00eatre efficace? Entre mod\u00e9lisation et maturation | Fran\u00e7ois Jullien\"}]},{\"@type\":\"WebSite\",\"@id\":\"https:\/\/full.polito.it\/en\/#website\",\"url\":\"https:\/\/full.polito.it\/en\/\",\"name\":\"FULL | the Future Urban Legacy Lab\",\"description\":\"the Future Urban Legacy Lab\",\"publisher\":{\"@id\":\"https:\/\/full.polito.it\/en\/#organization\"},\"potentialAction\":[{\"@type\":\"SearchAction\",\"target\":{\"@type\":\"EntryPoint\",\"urlTemplate\":\"https:\/\/full.polito.it\/en\/?s={search_term_string}\"},\"query-input\":{\"@type\":\"PropertyValueSpecification\",\"valueRequired\":true,\"valueName\":\"search_term_string\"}}],\"inLanguage\":\"en-US\"},{\"@type\":\"Organization\",\"@id\":\"https:\/\/full.polito.it\/en\/#organization\",\"name\":\"FULL | the Future Urban Legacy Lab\",\"url\":\"https:\/\/full.polito.it\/en\/\",\"logo\":{\"@type\":\"ImageObject\",\"inLanguage\":\"en-US\",\"@id\":\"https:\/\/full.polito.it\/en\/#\/schema\/logo\/image\/\",\"url\":\"https:\/\/full.polito.it\/wp-content\/uploads\/2025\/07\/fullo-logo-nero.webp\",\"contentUrl\":\"https:\/\/full.polito.it\/wp-content\/uploads\/2025\/07\/fullo-logo-nero.webp\",\"width\":600,\"height\":225,\"caption\":\"FULL | the Future Urban Legacy Lab\"},\"image\":{\"@id\":\"https:\/\/full.polito.it\/en\/#\/schema\/logo\/image\/\"}}]}<\/script>\n<!-- \/ Yoast SEO plugin. -->","yoast_head_json":{"title":"Comment \u00eatre efficace? Entre mod\u00e9lisation et maturation | Fran\u00e7ois Jullien - FULL | the Future Urban Legacy Lab","robots":{"index":"index","follow":"follow","max-snippet":"max-snippet:-1","max-image-preview":"max-image-preview:large","max-video-preview":"max-video-preview:-1"},"canonical":"https:\/\/full.polito.it\/en\/events\/comment-etre-efficace-entre-modelisation-et-maturation-francois-jullien\/","og_locale":"en_US","og_type":"article","og_title":"Comment \u00eatre efficace? Entre mod\u00e9lisation et maturation | Fran\u00e7ois Jullien - FULL | the Future Urban Legacy Lab","og_description":"Il centro interdipartimentale FULL &#8211; the Future\u00a0Urban Legacy\u00a0Lab.,\u00a0\u00e8 lieto di annunciare la prossima sessione del\u00a0Ciclo di seminari: Le legacy\u00a0urbane tra patrimonio, diritti e innovazione,\u00a0a\u00a0cura del\u00a0Prof.\u00a0Carlo Olmo, con la Lecture di Fran\u00e7ois Jullien\u00a0dal titolo\u00a0Comment \u00eatre efficace? Entre mod\u00e9lisation et maturation (entre pens\u00e9e europ\u00e9enne et pens\u00e9e chinoise). La Lecture sar\u00e0 ospitata nel\u00a0Salone d&#8217;Onore\u00a0del\u00a0Castello del Valentino,\u00a0il\u00a028 settembre 2018 [&hellip;]","og_url":"https:\/\/full.polito.it\/en\/events\/comment-etre-efficace-entre-modelisation-et-maturation-francois-jullien\/","og_site_name":"FULL | the Future Urban Legacy Lab","twitter_card":"summary_large_image","twitter_misc":{"Est. reading time":"3 minutes"},"schema":{"@context":"https:\/\/schema.org","@graph":[{"@type":"WebPage","@id":"https:\/\/full.polito.it\/en\/events\/comment-etre-efficace-entre-modelisation-et-maturation-francois-jullien\/","url":"https:\/\/full.polito.it\/en\/events\/comment-etre-efficace-entre-modelisation-et-maturation-francois-jullien\/","name":"Comment \u00eatre efficace? Entre mod\u00e9lisation et maturation | Fran\u00e7ois Jullien - FULL | the Future Urban Legacy Lab","isPartOf":{"@id":"https:\/\/full.polito.it\/en\/#website"},"datePublished":"2018-09-17T16:02:39+00:00","breadcrumb":{"@id":"https:\/\/full.polito.it\/en\/events\/comment-etre-efficace-entre-modelisation-et-maturation-francois-jullien\/#breadcrumb"},"inLanguage":"en-US","potentialAction":[{"@type":"ReadAction","target":["https:\/\/full.polito.it\/en\/events\/comment-etre-efficace-entre-modelisation-et-maturation-francois-jullien\/"]}]},{"@type":"BreadcrumbList","@id":"https:\/\/full.polito.it\/en\/events\/comment-etre-efficace-entre-modelisation-et-maturation-francois-jullien\/#breadcrumb","itemListElement":[{"@type":"ListItem","position":1,"name":"Home","item":"https:\/\/full.polito.it\/en\/"},{"@type":"ListItem","position":2,"name":"Events","item":"https:\/\/full.polito.it\/en\/events\/"},{"@type":"ListItem","position":3,"name":"Comment \u00eatre efficace? Entre mod\u00e9lisation et maturation | Fran\u00e7ois Jullien"}]},{"@type":"WebSite","@id":"https:\/\/full.polito.it\/en\/#website","url":"https:\/\/full.polito.it\/en\/","name":"FULL | the Future Urban Legacy Lab","description":"the Future Urban Legacy Lab","publisher":{"@id":"https:\/\/full.polito.it\/en\/#organization"},"potentialAction":[{"@type":"SearchAction","target":{"@type":"EntryPoint","urlTemplate":"https:\/\/full.polito.it\/en\/?s={search_term_string}"},"query-input":{"@type":"PropertyValueSpecification","valueRequired":true,"valueName":"search_term_string"}}],"inLanguage":"en-US"},{"@type":"Organization","@id":"https:\/\/full.polito.it\/en\/#organization","name":"FULL | the Future Urban Legacy Lab","url":"https:\/\/full.polito.it\/en\/","logo":{"@type":"ImageObject","inLanguage":"en-US","@id":"https:\/\/full.polito.it\/en\/#\/schema\/logo\/image\/","url":"https:\/\/full.polito.it\/wp-content\/uploads\/2025\/07\/fullo-logo-nero.webp","contentUrl":"https:\/\/full.polito.it\/wp-content\/uploads\/2025\/07\/fullo-logo-nero.webp","width":600,"height":225,"caption":"FULL | the Future Urban Legacy Lab"},"image":{"@id":"https:\/\/full.polito.it\/en\/#\/schema\/logo\/image\/"}}]}},"_links":{"self":[{"href":"https:\/\/full.polito.it\/en\/wp-json\/wp\/v2\/agenda\/9307","targetHints":{"allow":["GET"]}}],"collection":[{"href":"https:\/\/full.polito.it\/en\/wp-json\/wp\/v2\/agenda"}],"about":[{"href":"https:\/\/full.polito.it\/en\/wp-json\/wp\/v2\/types\/agenda"}],"wp:attachment":[{"href":"https:\/\/full.polito.it\/en\/wp-json\/wp\/v2\/media?parent=9307"}],"wp:term":[{"taxonomy":"primo-piano","embeddable":true,"href":"https:\/\/full.polito.it\/en\/wp-json\/wp\/v2\/primo-piano?post=9307"},{"taxonomy":"research-tag","embeddable":true,"href":"https:\/\/full.polito.it\/en\/wp-json\/wp\/v2\/research-tag?post=9307"},{"taxonomy":"research-tematictag","embeddable":true,"href":"https:\/\/full.polito.it\/en\/wp-json\/wp\/v2\/research-tematictag?post=9307"},{"taxonomy":"agenda-type","embeddable":true,"href":"https:\/\/full.polito.it\/en\/wp-json\/wp\/v2\/agenda-type?post=9307"}],"curies":[{"name":"wp","href":"https:\/\/api.w.org\/{rel}","templated":true}]}}