{"id":9306,"date":"2018-09-07T11:59:04","date_gmt":"2018-09-07T09:59:04","guid":{"rendered":"https:\/\/full.polito.it\/agenda\/lextension-du-domaine-du-patrimoine-nathalie-heinich\/"},"modified":"2018-09-07T11:59:04","modified_gmt":"2018-09-07T09:59:04","slug":"lextension-du-domaine-du-patrimoine-nathalie-heinich","status":"publish","type":"agenda","link":"https:\/\/full.polito.it\/en\/events\/lextension-du-domaine-du-patrimoine-nathalie-heinich\/","title":{"rendered":"L&#8217;extension du domaine du patrimoine\u00a0| Nathalie Heinich"},"content":{"rendered":"<p>Il centro interdipartimentale <strong>F<em>UL<\/em>L &#8211; the Future\u00a0<em>Urban Legacy<\/em>\u00a0Lab<\/strong>.,\u00a0\u00e8 lieto di annunciare la ripresa del\u00a0<a href=\"http:\/\/urbanlegacylab.net\/urban-legacies\/\">Ciclo di seminari: Le legacy\u00a0urbane tra patrimonio, diritti e innovazione<\/a>,\u00a0a\u00a0cura del\u00a0<strong>Prof.\u00a0Carlo Olmo<\/strong>, con la Lecture della Prof.ssa<strong>\u00a0Nathalie Heinich<\/strong>\u00a0dal titolo\u00a0<strong><em>L&#8217;extension du domaine du patrimoine<\/em><\/strong><i>. <\/i>La Lecture sar\u00e0 ospitata nella <strong>Salone degli Svizzeri<\/strong> della\u00a0<strong>Soprintendenza archeologia, belle arti e paesaggio per la citt\u00e0 metropolitana di Torino<\/strong>\u00a0a\u00a0<strong>Palazzo Chiablese<\/strong>,\u00a0il\u00a0<strong>14 settembre 2018 alle ore 17:00<\/strong>. Discussant\u00a0<strong>Prof. Edoardo Piccoli.<\/strong><\/p>\n<p><strong>L&#8217;extension du domaine du patrimoine<i>\u00a0<\/i><\/strong><\/p>\n<p>Negli ultimi cinquanta anni, cio\u00e8 il tempo di due generazioni, il campo del patrimonio ha conosciuto una spettacolare estensione, su vari piani: cronologico, topografico, della categoria e concettuale. A seguito della descrizione di questo fenomeno, si tratter\u00e0 delle questioni da esso generate, e delle sue cause, tra quali l&#8217;effetto stesso del lavoro patrimoniale. Nelle conclusioni, si spiegher\u00e0 perch\u00e9 e come occorre passare dalla nozione di &#8220;patrimonio&#8221; a quella di &#8220;funzione patrimoniale\u201d<\/p>\n<p><strong>Nathalie Heinich<\/strong>\u00a0\u00e8 una sociologa francese, ricercatrice presso il Centre National de la Recherche Scientifique (CNRS, Paris). Ha pubblicato pi\u00f9 di trenta libri (alcuni dei quali tradotti in italiano) tra i quali\u00a0<em>La Fabrique du patrimoine. De la cath\u00e9drale \u00e0 la petite cuill\u00e8re<\/em>\u00a0(\u00e9ditions de la Maison des Sciences de l&#8217;Homme, 2009).<\/p>\n<p><em><strong>FULL \u2013 The Future Urban Legacy Lab<\/strong> is pleased to announce the return of the <strong>Seminar Cycle: Urban Legacies Between Heritage, Rights, and Innovation<\/strong>, curated by <strong>Prof. Carlo Olmo<\/strong>, with a lecture by <strong>Prof. Nathalie Heinich<\/strong>. The lecture is titled <strong>&#8220;L\u2019extension du domaine du patrimoine&#8221;<\/strong> with <strong>Prof. Edoardo Piccoli<\/strong> as discussant. It will take place at the <strong>Salone degli Svizzeri<\/strong> of the <strong>Soprintendenza archeologia, belle arti e paesaggio per la citt\u00e0 metropolitana di Torino<\/strong>\u00a0in the\u00a0<strong>Palazzo Chiablese<\/strong>, next <strong>14th September<\/strong> at <strong>17:00<\/strong>. <\/em><\/p>\n<p><strong><em>L\u2019extension du domaine du patrimoine<\/em><\/strong><\/p>\n<p><em>In the last fifty years -the time of two generations- the field of heritage has experienced a wide extension on several dimensions: chronological, topographical, categorical, and conceptual. The questions and causes generated by this phenomenon, including the very effect of heritage work itself, lead to explain why and how we need to move from the notion of &#8220;heritage&#8221; to that of &#8220;patrimonial function&#8221;.<\/em><\/p>\n<p><em><strong>Nathalie Heinich<\/strong> is a French sociologist and researcher at the Centre National de la Recherche Scientifique (CNRS) in Paris. She has published more than thirty books (some of them translated to Italian), such as &#8220;La Fabrique du patrimoine. De la cath\u00e9drale \u00e0 la petite cuill\u00e8re&#8221;\u00a0(Maison des Sciences de l\u2019Homme, 2009).<\/em><\/p>\n<p><strong>Calendario del ciclo di seminari<\/strong><br \/>\n<strong>Prima parte\u00a0<\/strong><br \/>\n<strong>Giugno \u2013 Ottobre 2018<\/strong><\/p>\n<p><em><strong>Calendar<\/strong><\/em><br \/>\n<em><strong>First part<\/strong><\/em><br \/>\n<em><strong>June-October 2018<\/strong><\/em><\/p>\n<p><em><strong><u>Carlo Olmo<\/u><\/strong><\/em><br \/>\n<u>Salone d\u2019Onore<\/u><br \/>\n<em><strong>Titolo:<\/strong><\/em>\u00a0Le legacy urbane tra patrimonio, diritti e innovazione<br \/>\n<em><strong>Data:<\/strong><\/em>\u00a011 giugno<br \/>\n<em><strong>Discussant:<\/strong><\/em>\u00a0Matteo Robiglio<\/p>\n<p><em><strong><u>Andrea Bonaccorsi<\/u><\/strong><\/em><br \/>\n<u>Sala Caccia<\/u><br \/>\n<em><strong>Titolo:\u00a0<\/strong><\/em>Verso una visione conflittuale dell&#8217;innovazione<br \/>\n<em><strong>Data:<\/strong><\/em> 21 giugno<br \/>\n<em><strong>Discussant:\u00a0<\/strong><\/em>Giuseppe Scellato<\/p>\n<p><em><strong><u>Francesco Remotti<\/u><\/strong><\/em><br \/>\n<u>Salone d\u2019Onore\u00a0<\/u><br \/>\n<em><strong>Titolo:<\/strong><\/em>\u00a0Noi e la cultura: come pesci nell&#8217;acqua<br \/>\n<em><strong>Data:<\/strong><\/em> 6 \u00a0luglio<br \/>\n<em><strong>Discussant:<\/strong><\/em>\u00a0Francesca Governa<\/p>\n<p><em><strong><u>Nathalie Heinich<\/u><\/strong><\/em><br \/>\n<u>Salone degli Svizzeri, Palazzo Chiablese<\/u><br \/>\n<em><strong>Titolo:<\/strong><\/em>\u00a0L&#8217;extension du domaine du patrimoine<br \/>\n<em><strong>Data:<\/strong><\/em> 14 settembre<br \/>\n<em><strong>Discussant:<\/strong><\/em>\u00a0Edoardo Piccoli<\/p>\n<p><em><strong><u>Fran\u00e7ois Jullien<\/u><\/strong><\/em><br \/>\n<u>Salone d\u2019onore<\/u><br \/>\n<em><strong>Data:<\/strong> <\/em>\u00a028 settembre<\/p>\n<p><em><strong><u>Vladimiro Zagrebelsky<\/u><\/strong><\/em><br \/>\n<u>Sala Caccia<\/u><br \/>\n<em><strong>Titolo:<\/strong><\/em>\u00a0Architettura e Ingegneria in riferimento ai diritti e alle libert\u00e0 fondamentali<br \/>\n<em><strong>Data:<\/strong><\/em> \u00a012 ottobre<br \/>\n<em><strong>Discussant:\u00a0<\/strong><\/em>Juan Carlos De Martin<\/p>\n<p><strong>Seconda parte<\/strong><br \/>\n<strong>Ottobre-Dicembre<\/strong><br \/>\n<strong>Yung Ho Chang,\u00a0Stefano Musso,\u00a0Lorenzo Bellicini<\/strong><\/p>\n<p><em><strong>Second part<\/strong><\/em><br \/>\n<em><strong>October-December<\/strong><\/em><br \/>\n<em><strong>Yung Ho Chang, Stefano Musso, Lorenzo Bellicini<\/strong><\/em><\/p>\n","protected":false},"excerpt":{"rendered":"<p>Il centro interdipartimentale FULL &#8211; the Future\u00a0Urban Legacy\u00a0Lab.,\u00a0\u00e8 lieto di annunciare la ripresa del\u00a0Ciclo di seminari: Le legacy\u00a0urbane tra patrimonio, diritti e innovazione,\u00a0a\u00a0cura del\u00a0Prof.\u00a0Carlo Olmo, con la Lecture della Prof.ssa\u00a0Nathalie Heinich\u00a0dal titolo\u00a0L&#8217;extension du domaine du patrimoine. La Lecture sar\u00e0 ospitata nella Salone degli Svizzeri della\u00a0Soprintendenza archeologia, belle arti e paesaggio per la citt\u00e0 metropolitana di [&hellip;]<\/p>\n","protected":false},"featured_media":0,"parent":0,"template":"","meta":{"_acf_changed":false},"primo-piano":[],"research-tag":[],"research-tematictag":[],"agenda-type":[359],"class_list":["post-9306","agenda","type-agenda","status-publish","hentry","agenda-type-seminar"],"acf":[],"yoast_head":"<!-- This site is optimized with the Yoast SEO plugin v26.9 - https:\/\/yoast.com\/product\/yoast-seo-wordpress\/ -->\n<title>L&#039;extension du domaine du patrimoine\u00a0| Nathalie Heinich - FULL | the Future Urban Legacy Lab<\/title>\n<meta name=\"robots\" content=\"index, follow, max-snippet:-1, max-image-preview:large, max-video-preview:-1\" \/>\n<link rel=\"canonical\" href=\"https:\/\/full.polito.it\/en\/events\/lextension-du-domaine-du-patrimoine-nathalie-heinich\/\" \/>\n<meta property=\"og:locale\" content=\"en_US\" \/>\n<meta property=\"og:type\" content=\"article\" \/>\n<meta property=\"og:title\" content=\"L&#039;extension du domaine du patrimoine\u00a0| Nathalie Heinich - FULL | the Future Urban Legacy Lab\" \/>\n<meta property=\"og:description\" content=\"Il centro interdipartimentale FULL &#8211; the Future\u00a0Urban Legacy\u00a0Lab.,\u00a0\u00e8 lieto di annunciare la ripresa del\u00a0Ciclo di seminari: Le legacy\u00a0urbane tra patrimonio, diritti e innovazione,\u00a0a\u00a0cura del\u00a0Prof.\u00a0Carlo Olmo, con la Lecture della Prof.ssa\u00a0Nathalie Heinich\u00a0dal titolo\u00a0L&#8217;extension du domaine du patrimoine. La Lecture sar\u00e0 ospitata nella Salone degli Svizzeri della\u00a0Soprintendenza archeologia, belle arti e paesaggio per la citt\u00e0 metropolitana di [&hellip;]\" \/>\n<meta property=\"og:url\" content=\"https:\/\/full.polito.it\/en\/events\/lextension-du-domaine-du-patrimoine-nathalie-heinich\/\" \/>\n<meta property=\"og:site_name\" content=\"FULL | the Future Urban Legacy Lab\" \/>\n<meta name=\"twitter:card\" content=\"summary_large_image\" \/>\n<meta name=\"twitter:label1\" content=\"Est. reading time\" \/>\n\t<meta name=\"twitter:data1\" content=\"3 minutes\" \/>\n<script type=\"application\/ld+json\" class=\"yoast-schema-graph\">{\"@context\":\"https:\/\/schema.org\",\"@graph\":[{\"@type\":\"WebPage\",\"@id\":\"https:\/\/full.polito.it\/en\/events\/lextension-du-domaine-du-patrimoine-nathalie-heinich\/\",\"url\":\"https:\/\/full.polito.it\/en\/events\/lextension-du-domaine-du-patrimoine-nathalie-heinich\/\",\"name\":\"L'extension du domaine du patrimoine\u00a0| Nathalie Heinich - FULL | the Future Urban Legacy Lab\",\"isPartOf\":{\"@id\":\"https:\/\/full.polito.it\/en\/#website\"},\"datePublished\":\"2018-09-07T09:59:04+00:00\",\"breadcrumb\":{\"@id\":\"https:\/\/full.polito.it\/en\/events\/lextension-du-domaine-du-patrimoine-nathalie-heinich\/#breadcrumb\"},\"inLanguage\":\"en-US\",\"potentialAction\":[{\"@type\":\"ReadAction\",\"target\":[\"https:\/\/full.polito.it\/en\/events\/lextension-du-domaine-du-patrimoine-nathalie-heinich\/\"]}]},{\"@type\":\"BreadcrumbList\",\"@id\":\"https:\/\/full.polito.it\/en\/events\/lextension-du-domaine-du-patrimoine-nathalie-heinich\/#breadcrumb\",\"itemListElement\":[{\"@type\":\"ListItem\",\"position\":1,\"name\":\"Home\",\"item\":\"https:\/\/full.polito.it\/en\/\"},{\"@type\":\"ListItem\",\"position\":2,\"name\":\"Events\",\"item\":\"https:\/\/full.polito.it\/en\/events\/\"},{\"@type\":\"ListItem\",\"position\":3,\"name\":\"L&#8217;extension du domaine du patrimoine\u00a0| Nathalie Heinich\"}]},{\"@type\":\"WebSite\",\"@id\":\"https:\/\/full.polito.it\/en\/#website\",\"url\":\"https:\/\/full.polito.it\/en\/\",\"name\":\"FULL | the Future Urban Legacy Lab\",\"description\":\"the Future Urban Legacy Lab\",\"publisher\":{\"@id\":\"https:\/\/full.polito.it\/en\/#organization\"},\"potentialAction\":[{\"@type\":\"SearchAction\",\"target\":{\"@type\":\"EntryPoint\",\"urlTemplate\":\"https:\/\/full.polito.it\/en\/?s={search_term_string}\"},\"query-input\":{\"@type\":\"PropertyValueSpecification\",\"valueRequired\":true,\"valueName\":\"search_term_string\"}}],\"inLanguage\":\"en-US\"},{\"@type\":\"Organization\",\"@id\":\"https:\/\/full.polito.it\/en\/#organization\",\"name\":\"FULL | the Future Urban Legacy Lab\",\"url\":\"https:\/\/full.polito.it\/en\/\",\"logo\":{\"@type\":\"ImageObject\",\"inLanguage\":\"en-US\",\"@id\":\"https:\/\/full.polito.it\/en\/#\/schema\/logo\/image\/\",\"url\":\"https:\/\/full.polito.it\/wp-content\/uploads\/2025\/07\/fullo-logo-nero.webp\",\"contentUrl\":\"https:\/\/full.polito.it\/wp-content\/uploads\/2025\/07\/fullo-logo-nero.webp\",\"width\":600,\"height\":225,\"caption\":\"FULL | the Future Urban Legacy Lab\"},\"image\":{\"@id\":\"https:\/\/full.polito.it\/en\/#\/schema\/logo\/image\/\"}}]}<\/script>\n<!-- \/ Yoast SEO plugin. -->","yoast_head_json":{"title":"L'extension du domaine du patrimoine\u00a0| Nathalie Heinich - FULL | the Future Urban Legacy Lab","robots":{"index":"index","follow":"follow","max-snippet":"max-snippet:-1","max-image-preview":"max-image-preview:large","max-video-preview":"max-video-preview:-1"},"canonical":"https:\/\/full.polito.it\/en\/events\/lextension-du-domaine-du-patrimoine-nathalie-heinich\/","og_locale":"en_US","og_type":"article","og_title":"L'extension du domaine du patrimoine\u00a0| Nathalie Heinich - FULL | the Future Urban Legacy Lab","og_description":"Il centro interdipartimentale FULL &#8211; the Future\u00a0Urban Legacy\u00a0Lab.,\u00a0\u00e8 lieto di annunciare la ripresa del\u00a0Ciclo di seminari: Le legacy\u00a0urbane tra patrimonio, diritti e innovazione,\u00a0a\u00a0cura del\u00a0Prof.\u00a0Carlo Olmo, con la Lecture della Prof.ssa\u00a0Nathalie Heinich\u00a0dal titolo\u00a0L&#8217;extension du domaine du patrimoine. La Lecture sar\u00e0 ospitata nella Salone degli Svizzeri della\u00a0Soprintendenza archeologia, belle arti e paesaggio per la citt\u00e0 metropolitana di [&hellip;]","og_url":"https:\/\/full.polito.it\/en\/events\/lextension-du-domaine-du-patrimoine-nathalie-heinich\/","og_site_name":"FULL | the Future Urban Legacy Lab","twitter_card":"summary_large_image","twitter_misc":{"Est. reading time":"3 minutes"},"schema":{"@context":"https:\/\/schema.org","@graph":[{"@type":"WebPage","@id":"https:\/\/full.polito.it\/en\/events\/lextension-du-domaine-du-patrimoine-nathalie-heinich\/","url":"https:\/\/full.polito.it\/en\/events\/lextension-du-domaine-du-patrimoine-nathalie-heinich\/","name":"L'extension du domaine du patrimoine\u00a0| Nathalie Heinich - FULL | the Future Urban Legacy Lab","isPartOf":{"@id":"https:\/\/full.polito.it\/en\/#website"},"datePublished":"2018-09-07T09:59:04+00:00","breadcrumb":{"@id":"https:\/\/full.polito.it\/en\/events\/lextension-du-domaine-du-patrimoine-nathalie-heinich\/#breadcrumb"},"inLanguage":"en-US","potentialAction":[{"@type":"ReadAction","target":["https:\/\/full.polito.it\/en\/events\/lextension-du-domaine-du-patrimoine-nathalie-heinich\/"]}]},{"@type":"BreadcrumbList","@id":"https:\/\/full.polito.it\/en\/events\/lextension-du-domaine-du-patrimoine-nathalie-heinich\/#breadcrumb","itemListElement":[{"@type":"ListItem","position":1,"name":"Home","item":"https:\/\/full.polito.it\/en\/"},{"@type":"ListItem","position":2,"name":"Events","item":"https:\/\/full.polito.it\/en\/events\/"},{"@type":"ListItem","position":3,"name":"L&#8217;extension du domaine du patrimoine\u00a0| Nathalie Heinich"}]},{"@type":"WebSite","@id":"https:\/\/full.polito.it\/en\/#website","url":"https:\/\/full.polito.it\/en\/","name":"FULL | the Future Urban Legacy Lab","description":"the Future Urban Legacy Lab","publisher":{"@id":"https:\/\/full.polito.it\/en\/#organization"},"potentialAction":[{"@type":"SearchAction","target":{"@type":"EntryPoint","urlTemplate":"https:\/\/full.polito.it\/en\/?s={search_term_string}"},"query-input":{"@type":"PropertyValueSpecification","valueRequired":true,"valueName":"search_term_string"}}],"inLanguage":"en-US"},{"@type":"Organization","@id":"https:\/\/full.polito.it\/en\/#organization","name":"FULL | the Future Urban Legacy Lab","url":"https:\/\/full.polito.it\/en\/","logo":{"@type":"ImageObject","inLanguage":"en-US","@id":"https:\/\/full.polito.it\/en\/#\/schema\/logo\/image\/","url":"https:\/\/full.polito.it\/wp-content\/uploads\/2025\/07\/fullo-logo-nero.webp","contentUrl":"https:\/\/full.polito.it\/wp-content\/uploads\/2025\/07\/fullo-logo-nero.webp","width":600,"height":225,"caption":"FULL | the Future Urban Legacy Lab"},"image":{"@id":"https:\/\/full.polito.it\/en\/#\/schema\/logo\/image\/"}}]}},"_links":{"self":[{"href":"https:\/\/full.polito.it\/en\/wp-json\/wp\/v2\/agenda\/9306","targetHints":{"allow":["GET"]}}],"collection":[{"href":"https:\/\/full.polito.it\/en\/wp-json\/wp\/v2\/agenda"}],"about":[{"href":"https:\/\/full.polito.it\/en\/wp-json\/wp\/v2\/types\/agenda"}],"wp:attachment":[{"href":"https:\/\/full.polito.it\/en\/wp-json\/wp\/v2\/media?parent=9306"}],"wp:term":[{"taxonomy":"primo-piano","embeddable":true,"href":"https:\/\/full.polito.it\/en\/wp-json\/wp\/v2\/primo-piano?post=9306"},{"taxonomy":"research-tag","embeddable":true,"href":"https:\/\/full.polito.it\/en\/wp-json\/wp\/v2\/research-tag?post=9306"},{"taxonomy":"research-tematictag","embeddable":true,"href":"https:\/\/full.polito.it\/en\/wp-json\/wp\/v2\/research-tematictag?post=9306"},{"taxonomy":"agenda-type","embeddable":true,"href":"https:\/\/full.polito.it\/en\/wp-json\/wp\/v2\/agenda-type?post=9306"}],"curies":[{"name":"wp","href":"https:\/\/api.w.org\/{rel}","templated":true}]}}