{"id":9303,"date":"2018-06-13T10:20:33","date_gmt":"2018-06-13T08:20:33","guid":{"rendered":"https:\/\/full.polito.it\/agenda\/verso-una-visione-conflittuale-dellinnovazione-andrea-bonaccorsi\/"},"modified":"2018-06-13T10:20:33","modified_gmt":"2018-06-13T08:20:33","slug":"verso-una-visione-conflittuale-dellinnovazione-andrea-bonaccorsi","status":"publish","type":"agenda","link":"https:\/\/full.polito.it\/en\/events\/verso-una-visione-conflittuale-dellinnovazione-andrea-bonaccorsi\/","title":{"rendered":"Verso una visione conflittuale dell&#8217;innovazione | Andrea Bonaccorsi"},"content":{"rendered":"<p>Il <strong>21 giugno 2018 alle ore 17:30<\/strong>\u00a0presso la\u00a0<strong>Sala Caccia del Castello del Valentino, <\/strong><strong>F<em>UL<\/em>L &#8211; the Future\u00a0<em>Urban Legacy<\/em>\u00a0Lab,\u00a0 <\/strong>presenta<strong>\u00a0Verso una visione conflittuale dell&#8217;innovazione,\u00a0<\/strong>Lecture del\u00a0<strong>Prof.\u00a0Andrea Bonaccorsi.<\/strong><\/p>\n<p>La Lecture \u00e8 il secondo incontro del <span class=\"\">\u00a0<\/span><b class=\"\"><a class=\"\" href=\"http:\/\/urbanlegacylab.net\/events\/le-legacy-urbane-tra-patrimonio-diritti-e-innovazione\/\">Ciclo di seminari: Le legacy\u00a0urbane tra patrimonio, diritti e innovazione<\/a>,\u00a0<\/b><span class=\"\">a\u00a0cura del\u00a0<\/span><b class=\"\">Prof.\u00a0Carlo Olmo.<\/b>\u00a0Discussant della Lecture sar\u00e0 il\u00a0<strong>Prof. Giuseppe Scellato.<\/strong><\/p>\n<p><strong>Le legacy\u00a0urbane tra patrimonio, diritti e innovazione\u00a0<\/strong>\u00e8 un ciclo di incontri seminariali a due voci per esplorare il senso e le\u00a0implicazioni\u00a0della parola-chiave di F<em>UL<\/em>L.<br \/>\nIl dibattito ha l\u2019obiettivo di produrre le basi teoriche per riformulare il concetto di Legacy urbana.\u00a0E\u2019 necessario creare un lessico che sostenga questo concetto.<br \/>\nI luoghi comuni del Novecento non esistono pi\u00f9, le narrazioni legate a questi luoghi non sono pi\u00f9 sufficienti per descrivere ci\u00f2 che ne rimane. Alla fine del secolo scorso si passa da parole chiave fondate sulla storia dell\u2019industria, a parole chiave di natura urbana e fondate sull\u2019 \u2018assenza\u2019, il vuoto diventa patrimonio e edifici o frammenti di edifici entrano a pieno diritto nei processi di patrimonializzazione, ponendo il problema della continua ricostruzione di una memoria rimossa. La sfida \u00e8 quella di ricostruire un vocabolario con la necessaria profondit\u00e0 storica, che possa costituire la \u201cbase comune\u201d di un progetto che ambisce a ridefinire la legacy di una citt\u00e0 industriale che oggi ha bisogno dell\u2019argomentazione su cui fondare la propria legittimit\u00e0, i propri confini, i propri attori e le proprie retoriche.<\/p>\n<p><strong><em>Urban Legacies Between Heritage, Rights and Innovation\u00a0<\/em><\/strong><em>is a cycle of seminars that explores the meaning and implications of FULL\u2019s keywords.<\/em><br \/>\n<em>The debate aims to produce a theoretical basis that reformulates the concept of urban legacy by creating a lexicon that supports the concept.<\/em><br \/>\n<em>The common places of the twentieth century no longer exist, and the narratives linked to these places are no longer sufficient to describe what remains of them. At the end of the last century we went from keywords based on the history of industry to keywords of urban nature founded on\u00a0\u2018absence&#8217;. Emptiness becomes heritage, and buildings or fragments of buildings come fully into the process of becoming legacy, highlighting the problem of the continuous reconstruction of a repressed memory. The challenge is to reconstruct a common-basis vocabulary with the necessary historical depth to redefine the legacy of industrial city. Today, this city needs the foundations of its own legitimacy, its own borders, and its actors and rhetoric<\/em><\/p>\n<p><strong>Calendario<\/strong><br \/>\n<strong>Prima parte\u00a0<\/strong><br \/>\n<strong>Giugno \u2013 Ottobre 2018<\/strong><\/p>\n<p><strong><em><u>Andrea Bonaccorsi<\/u><\/em><\/strong><br \/>\n<strong><em>Sala Caccia<\/em><\/strong><br \/>\n<strong>Titolo:\u00a0<\/strong><em>Verso una visione conflittuale dell&#8217;innovazione<\/em><br \/>\n<strong>Data: 21 giugno<\/strong><br \/>\n<strong>Discussant:<\/strong><em>\u00a0<\/em><strong>Giuseppe Scellato<\/strong><\/p>\n<p><strong><em><u>Francesco Remotti<\/u><\/em><\/strong><br \/>\n<strong><em>Salone d\u2019Onore<\/em><\/strong><br \/>\n<strong>Titolo:\u00a0<\/strong><em>Noi e la cultura come i pesci nell\u2019acqua\u00a0<\/em><br \/>\n<strong>Data: 6\u00a0luglio<\/strong><br \/>\n<strong>Discussant:<\/strong><em>\u00a0<\/em>Francesca Governa<\/p>\n<p><strong><em><u>Nathalie Heinich<\/u><\/em><\/strong><br \/>\n<strong><em>Salone d\u2019Onore<\/em><\/strong><br \/>\n<strong>Titolo: <\/strong><em>L&#8217;extension du domaine du patrimoine<\/em><br \/>\n<strong>Data: 14 settembre<\/strong><br \/>\n<strong>Discussant:<\/strong> Edoardo Piccoli<\/p>\n<p><strong><em><u>Fran\u00e7ois Jullien<\/u><\/em><\/strong><br \/>\n<strong><em>Salone d\u2019Onore<\/em><\/strong><br \/>\n<strong>Data:\u00a028 settembre<u><\/u><\/strong><\/p>\n<p><strong><em><u>Vladimiro Zagrebelsky<\/u><\/em><\/strong><br \/>\n<strong><em>Sala Caccia<\/em><\/strong><br \/>\n<strong>Titolo: <\/strong><em>Architettura e Ingegneria in riferimento ai diritti e alle libert\u00e0 fondamentali<\/em><br \/>\n<strong>Data:\u00a012 ottobre<\/strong><br \/>\n<strong>Discussant: <\/strong>Juan Carlos De Martin<\/p>\n<p><strong>Seconda parte<\/strong><br \/>\n<strong>Ottobre-Dicembre<\/strong><br \/>\n<strong><i>Yung Ho Chang<\/i>, <i>Stefano Musso<\/i>, <i>Lorenzo Bellicini<\/i><\/strong><\/p>\n","protected":false},"excerpt":{"rendered":"<p>Il 21 giugno 2018 alle ore 17:30\u00a0presso la\u00a0Sala Caccia del Castello del Valentino, FULL &#8211; the Future\u00a0Urban Legacy\u00a0Lab,\u00a0 presenta\u00a0Verso una visione conflittuale dell&#8217;innovazione,\u00a0Lecture del\u00a0Prof.\u00a0Andrea Bonaccorsi. La Lecture \u00e8 il secondo incontro del \u00a0Ciclo di seminari: Le legacy\u00a0urbane tra patrimonio, diritti e innovazione,\u00a0a\u00a0cura del\u00a0Prof.\u00a0Carlo Olmo.\u00a0Discussant della Lecture sar\u00e0 il\u00a0Prof. Giuseppe Scellato. Le legacy\u00a0urbane tra patrimonio, diritti [&hellip;]<\/p>\n","protected":false},"featured_media":0,"parent":0,"template":"","meta":{"_acf_changed":false},"primo-piano":[],"research-tag":[],"research-tematictag":[],"agenda-type":[359],"class_list":["post-9303","agenda","type-agenda","status-publish","hentry","agenda-type-seminar"],"acf":[],"yoast_head":"<!-- This site is optimized with the Yoast SEO plugin v26.9 - https:\/\/yoast.com\/product\/yoast-seo-wordpress\/ -->\n<title>Verso una visione conflittuale dell&#039;innovazione | Andrea Bonaccorsi - FULL | the Future Urban Legacy Lab<\/title>\n<meta name=\"robots\" content=\"index, follow, max-snippet:-1, max-image-preview:large, max-video-preview:-1\" \/>\n<link rel=\"canonical\" href=\"https:\/\/full.polito.it\/en\/events\/verso-una-visione-conflittuale-dellinnovazione-andrea-bonaccorsi\/\" \/>\n<meta property=\"og:locale\" content=\"en_US\" \/>\n<meta property=\"og:type\" content=\"article\" \/>\n<meta property=\"og:title\" content=\"Verso una visione conflittuale dell&#039;innovazione | Andrea Bonaccorsi - FULL | the Future Urban Legacy Lab\" \/>\n<meta property=\"og:description\" content=\"Il 21 giugno 2018 alle ore 17:30\u00a0presso la\u00a0Sala Caccia del Castello del Valentino, FULL &#8211; the Future\u00a0Urban Legacy\u00a0Lab,\u00a0 presenta\u00a0Verso una visione conflittuale dell&#8217;innovazione,\u00a0Lecture del\u00a0Prof.\u00a0Andrea Bonaccorsi. La Lecture \u00e8 il secondo incontro del \u00a0Ciclo di seminari: Le legacy\u00a0urbane tra patrimonio, diritti e innovazione,\u00a0a\u00a0cura del\u00a0Prof.\u00a0Carlo Olmo.\u00a0Discussant della Lecture sar\u00e0 il\u00a0Prof. Giuseppe Scellato. Le legacy\u00a0urbane tra patrimonio, diritti [&hellip;]\" \/>\n<meta property=\"og:url\" content=\"https:\/\/full.polito.it\/en\/events\/verso-una-visione-conflittuale-dellinnovazione-andrea-bonaccorsi\/\" \/>\n<meta property=\"og:site_name\" content=\"FULL | the Future Urban Legacy Lab\" \/>\n<meta name=\"twitter:card\" content=\"summary_large_image\" \/>\n<meta name=\"twitter:label1\" content=\"Est. reading time\" \/>\n\t<meta name=\"twitter:data1\" content=\"3 minutes\" \/>\n<script type=\"application\/ld+json\" class=\"yoast-schema-graph\">{\"@context\":\"https:\/\/schema.org\",\"@graph\":[{\"@type\":\"WebPage\",\"@id\":\"https:\/\/full.polito.it\/en\/events\/verso-una-visione-conflittuale-dellinnovazione-andrea-bonaccorsi\/\",\"url\":\"https:\/\/full.polito.it\/en\/events\/verso-una-visione-conflittuale-dellinnovazione-andrea-bonaccorsi\/\",\"name\":\"Verso una visione conflittuale dell'innovazione | Andrea Bonaccorsi - FULL | the Future Urban Legacy Lab\",\"isPartOf\":{\"@id\":\"https:\/\/full.polito.it\/en\/#website\"},\"datePublished\":\"2018-06-13T08:20:33+00:00\",\"breadcrumb\":{\"@id\":\"https:\/\/full.polito.it\/en\/events\/verso-una-visione-conflittuale-dellinnovazione-andrea-bonaccorsi\/#breadcrumb\"},\"inLanguage\":\"en-US\",\"potentialAction\":[{\"@type\":\"ReadAction\",\"target\":[\"https:\/\/full.polito.it\/en\/events\/verso-una-visione-conflittuale-dellinnovazione-andrea-bonaccorsi\/\"]}]},{\"@type\":\"BreadcrumbList\",\"@id\":\"https:\/\/full.polito.it\/en\/events\/verso-una-visione-conflittuale-dellinnovazione-andrea-bonaccorsi\/#breadcrumb\",\"itemListElement\":[{\"@type\":\"ListItem\",\"position\":1,\"name\":\"Home\",\"item\":\"https:\/\/full.polito.it\/en\/\"},{\"@type\":\"ListItem\",\"position\":2,\"name\":\"Events\",\"item\":\"https:\/\/full.polito.it\/en\/events\/\"},{\"@type\":\"ListItem\",\"position\":3,\"name\":\"Verso una visione conflittuale dell&#8217;innovazione | Andrea Bonaccorsi\"}]},{\"@type\":\"WebSite\",\"@id\":\"https:\/\/full.polito.it\/en\/#website\",\"url\":\"https:\/\/full.polito.it\/en\/\",\"name\":\"FULL | the Future Urban Legacy Lab\",\"description\":\"the Future Urban Legacy Lab\",\"publisher\":{\"@id\":\"https:\/\/full.polito.it\/en\/#organization\"},\"potentialAction\":[{\"@type\":\"SearchAction\",\"target\":{\"@type\":\"EntryPoint\",\"urlTemplate\":\"https:\/\/full.polito.it\/en\/?s={search_term_string}\"},\"query-input\":{\"@type\":\"PropertyValueSpecification\",\"valueRequired\":true,\"valueName\":\"search_term_string\"}}],\"inLanguage\":\"en-US\"},{\"@type\":\"Organization\",\"@id\":\"https:\/\/full.polito.it\/en\/#organization\",\"name\":\"FULL | the Future Urban Legacy Lab\",\"url\":\"https:\/\/full.polito.it\/en\/\",\"logo\":{\"@type\":\"ImageObject\",\"inLanguage\":\"en-US\",\"@id\":\"https:\/\/full.polito.it\/en\/#\/schema\/logo\/image\/\",\"url\":\"https:\/\/full.polito.it\/wp-content\/uploads\/2025\/07\/fullo-logo-nero.webp\",\"contentUrl\":\"https:\/\/full.polito.it\/wp-content\/uploads\/2025\/07\/fullo-logo-nero.webp\",\"width\":600,\"height\":225,\"caption\":\"FULL | the Future Urban Legacy Lab\"},\"image\":{\"@id\":\"https:\/\/full.polito.it\/en\/#\/schema\/logo\/image\/\"}}]}<\/script>\n<!-- \/ Yoast SEO plugin. -->","yoast_head_json":{"title":"Verso una visione conflittuale dell'innovazione | Andrea Bonaccorsi - FULL | the Future Urban Legacy Lab","robots":{"index":"index","follow":"follow","max-snippet":"max-snippet:-1","max-image-preview":"max-image-preview:large","max-video-preview":"max-video-preview:-1"},"canonical":"https:\/\/full.polito.it\/en\/events\/verso-una-visione-conflittuale-dellinnovazione-andrea-bonaccorsi\/","og_locale":"en_US","og_type":"article","og_title":"Verso una visione conflittuale dell'innovazione | Andrea Bonaccorsi - FULL | the Future Urban Legacy Lab","og_description":"Il 21 giugno 2018 alle ore 17:30\u00a0presso la\u00a0Sala Caccia del Castello del Valentino, FULL &#8211; the Future\u00a0Urban Legacy\u00a0Lab,\u00a0 presenta\u00a0Verso una visione conflittuale dell&#8217;innovazione,\u00a0Lecture del\u00a0Prof.\u00a0Andrea Bonaccorsi. La Lecture \u00e8 il secondo incontro del \u00a0Ciclo di seminari: Le legacy\u00a0urbane tra patrimonio, diritti e innovazione,\u00a0a\u00a0cura del\u00a0Prof.\u00a0Carlo Olmo.\u00a0Discussant della Lecture sar\u00e0 il\u00a0Prof. Giuseppe Scellato. Le legacy\u00a0urbane tra patrimonio, diritti [&hellip;]","og_url":"https:\/\/full.polito.it\/en\/events\/verso-una-visione-conflittuale-dellinnovazione-andrea-bonaccorsi\/","og_site_name":"FULL | the Future Urban Legacy Lab","twitter_card":"summary_large_image","twitter_misc":{"Est. reading time":"3 minutes"},"schema":{"@context":"https:\/\/schema.org","@graph":[{"@type":"WebPage","@id":"https:\/\/full.polito.it\/en\/events\/verso-una-visione-conflittuale-dellinnovazione-andrea-bonaccorsi\/","url":"https:\/\/full.polito.it\/en\/events\/verso-una-visione-conflittuale-dellinnovazione-andrea-bonaccorsi\/","name":"Verso una visione conflittuale dell'innovazione | Andrea Bonaccorsi - FULL | the Future Urban Legacy Lab","isPartOf":{"@id":"https:\/\/full.polito.it\/en\/#website"},"datePublished":"2018-06-13T08:20:33+00:00","breadcrumb":{"@id":"https:\/\/full.polito.it\/en\/events\/verso-una-visione-conflittuale-dellinnovazione-andrea-bonaccorsi\/#breadcrumb"},"inLanguage":"en-US","potentialAction":[{"@type":"ReadAction","target":["https:\/\/full.polito.it\/en\/events\/verso-una-visione-conflittuale-dellinnovazione-andrea-bonaccorsi\/"]}]},{"@type":"BreadcrumbList","@id":"https:\/\/full.polito.it\/en\/events\/verso-una-visione-conflittuale-dellinnovazione-andrea-bonaccorsi\/#breadcrumb","itemListElement":[{"@type":"ListItem","position":1,"name":"Home","item":"https:\/\/full.polito.it\/en\/"},{"@type":"ListItem","position":2,"name":"Events","item":"https:\/\/full.polito.it\/en\/events\/"},{"@type":"ListItem","position":3,"name":"Verso una visione conflittuale dell&#8217;innovazione | Andrea Bonaccorsi"}]},{"@type":"WebSite","@id":"https:\/\/full.polito.it\/en\/#website","url":"https:\/\/full.polito.it\/en\/","name":"FULL | the Future Urban Legacy Lab","description":"the Future Urban Legacy Lab","publisher":{"@id":"https:\/\/full.polito.it\/en\/#organization"},"potentialAction":[{"@type":"SearchAction","target":{"@type":"EntryPoint","urlTemplate":"https:\/\/full.polito.it\/en\/?s={search_term_string}"},"query-input":{"@type":"PropertyValueSpecification","valueRequired":true,"valueName":"search_term_string"}}],"inLanguage":"en-US"},{"@type":"Organization","@id":"https:\/\/full.polito.it\/en\/#organization","name":"FULL | the Future Urban Legacy Lab","url":"https:\/\/full.polito.it\/en\/","logo":{"@type":"ImageObject","inLanguage":"en-US","@id":"https:\/\/full.polito.it\/en\/#\/schema\/logo\/image\/","url":"https:\/\/full.polito.it\/wp-content\/uploads\/2025\/07\/fullo-logo-nero.webp","contentUrl":"https:\/\/full.polito.it\/wp-content\/uploads\/2025\/07\/fullo-logo-nero.webp","width":600,"height":225,"caption":"FULL | the Future Urban Legacy Lab"},"image":{"@id":"https:\/\/full.polito.it\/en\/#\/schema\/logo\/image\/"}}]}},"_links":{"self":[{"href":"https:\/\/full.polito.it\/en\/wp-json\/wp\/v2\/agenda\/9303","targetHints":{"allow":["GET"]}}],"collection":[{"href":"https:\/\/full.polito.it\/en\/wp-json\/wp\/v2\/agenda"}],"about":[{"href":"https:\/\/full.polito.it\/en\/wp-json\/wp\/v2\/types\/agenda"}],"wp:attachment":[{"href":"https:\/\/full.polito.it\/en\/wp-json\/wp\/v2\/media?parent=9303"}],"wp:term":[{"taxonomy":"primo-piano","embeddable":true,"href":"https:\/\/full.polito.it\/en\/wp-json\/wp\/v2\/primo-piano?post=9303"},{"taxonomy":"research-tag","embeddable":true,"href":"https:\/\/full.polito.it\/en\/wp-json\/wp\/v2\/research-tag?post=9303"},{"taxonomy":"research-tematictag","embeddable":true,"href":"https:\/\/full.polito.it\/en\/wp-json\/wp\/v2\/research-tematictag?post=9303"},{"taxonomy":"agenda-type","embeddable":true,"href":"https:\/\/full.polito.it\/en\/wp-json\/wp\/v2\/agenda-type?post=9303"}],"curies":[{"name":"wp","href":"https:\/\/api.w.org\/{rel}","templated":true}]}}